{"id":299,"date":"2026-08-25T10:17:29","date_gmt":"2026-08-25T10:17:29","guid":{"rendered":"https:\/\/montravad.com\/?post_type=tribe_events&#038;p=299"},"modified":"2026-08-25T10:18:50","modified_gmt":"2026-08-25T10:18:50","slug":"abe-rabade-eivissa-jazz-experience-eivissa-jazz-festival-baluard-de-santa-llucia-ibiza-entradas","status":"publish","type":"tribe_events","link":"https:\/\/montravad.com\/gl\/event\/abe-rabade-eivissa-jazz-experience-eivissa-jazz-festival-baluard-de-santa-llucia-ibiza-entradas\/","title":{"rendered":"Abe R\u00e1bade &#038; Eivissa Jazz Experience. Eivissa Jazz Festival. Baluard de Santa Ll\u00facia. Ibiza.<a href=\"https:\/\/culturaentradesonline.eivissa.es\/par-public\/rest\/evento\/id\/8967386\"><p style=\"color: blue;\">Entradas<\/p><\/a>"},"content":{"rendered":"<p><strong>The Eivissa Jazz Experience<\/strong> es una formaci\u00f3n especial creada cada a\u00f1o por el pianista gallego <strong>Abe <\/strong><strong>R\u00e1bade<\/strong>, que re\u00fane a m\u00fasicos que han participado previamente en el festival Eivissa Jazz. El proyecto se plantea como un encuentro ef\u00edmero de creaci\u00f3n colectiva, en el que cada int\u00e9rprete aporta una composici\u00f3n original y el grupo se re\u00fane \u00fanicamente en un ensayo previo al concierto.<\/p>\n<p>El resultado es una propuesta \u00fanica e irrepetible que se presenta en directo en el Baluard de Santa Ll\u00facia, donde la improvisaci\u00f3n y la capacidad de adaptaci\u00f3n propias del lenguaje del jazz se convierten en el motor principal de la m\u00fasica. Cada edici\u00f3n de la Experience genera momentos espont\u00e1neos e irrepetibles, fruto de la interacci\u00f3n inmediata entre m\u00fasicos de trayectorias diversas unidos por el esp\u00edritu del festival.<\/p>\n<p>Entradas en:<\/p>\n<p><a href=\"https:\/\/culturaentradesonline.eivissa.es\/par-public\/rest\/evento\/id\/8967386\">https:\/\/culturaentradesonline.eivissa.es\/par-public\/rest\/evento\/id\/8967386<\/a><\/p>\n<p>&nbsp;<\/p>\n","protected":false},"excerpt":{"rendered":"<p>The Eivissa Jazz Experience es una formaci\u00f3n especial creada cada a\u00f1o por el pianista gallego Abe R\u00e1bade, que re\u00fane a m\u00fasicos que han participado previamente en el festival Eivissa Jazz&#8230;.<\/p>\n","protected":false},"author":2,"featured_media":300,"template":"","meta":{"_kb_optimizer_status":0,"_kadence_starter_templates_imported_post":false,"_kad_post_transparent":"","_kad_post_title":"","_kad_post_layout":"","_kad_post_sidebar_id":"","_kad_post_content_style":"","_kad_post_vertical_padding":"","_kad_post_feature":"","_kad_post_feature_position":"","_kad_post_header":false,"_kad_post_footer":false,"_kad_post_classname":"","_tribe_events_status":"","_tribe_events_status_reason":"","footnotes":""},"tags":[],"tribe_events_cat":[4],"class_list":["post-299","tribe_events","type-tribe_events","status-publish","has-post-thumbnail","hentry","tribe_events_cat-musica","cat_musica"],"yoast_head":"<!-- This site is optimized with the Yoast SEO plugin v28.2 - https:\/\/yoast.com\/product\/yoast-seo-wordpress\/ -->\n<title>Abe R\u00e1bade &amp; Eivissa Jazz Experience. Eivissa Jazz Festival. Baluard de Santa Ll\u00facia. Ibiza.Entradas - Montravad<\/title>\n<meta name=\"robots\" content=\"index, follow, max-snippet:-1, max-image-preview:large, max-video-preview:-1\" \/>\n<link rel=\"canonical\" href=\"https:\/\/montravad.com\/gl\/event\/abe-rabade-eivissa-jazz-experience-eivissa-jazz-festival-baluard-de-santa-llucia-ibiza-entradas\/\" \/>\n<meta property=\"og:locale\" content=\"gl_ES\" \/>\n<meta property=\"og:locale:alternate\" content=\"es_ES\" \/>\n<meta property=\"og:type\" content=\"article\" \/>\n<meta property=\"og:title\" content=\"Abe R\u00e1bade &amp; Eivissa Jazz Experience. Eivissa Jazz Festival. Baluard de Santa Ll\u00facia. Ibiza.Entradas - Montravad\" \/>\n<meta property=\"og:description\" content=\"The Eivissa Jazz Experience es una formaci\u00f3n especial creada cada a\u00f1o por el pianista gallego Abe R\u00e1bade, que re\u00fane a m\u00fasicos que han participado previamente en el festival Eivissa Jazz....\" \/>\n<meta property=\"og:url\" content=\"https:\/\/montravad.com\/gl\/event\/abe-rabade-eivissa-jazz-experience-eivissa-jazz-festival-baluard-de-santa-llucia-ibiza-entradas\/\" \/>\n<meta property=\"og:site_name\" content=\"Montravad\" \/>\n<meta property=\"article:publisher\" content=\"https:\/\/www.facebook.com\/profile.php?id=61558298731443\" \/>\n<meta property=\"article:modified_time\" content=\"2026-08-25T10:18:50+00:00\" \/>\n<meta property=\"og:image\" content=\"https:\/\/montravad.com\/wp-content\/uploads\/2026\/08\/festival-eivissa-jazz-2026-ibiza-welcometoibiza.jpeg\" \/>\n\t<meta property=\"og:image:width\" content=\"960\" \/>\n\t<meta property=\"og:image:height\" content=\"1280\" \/>\n\t<meta property=\"og:image:type\" content=\"image\/jpeg\" \/>\n<meta name=\"twitter:card\" content=\"summary_large_image\" \/>\n<meta name=\"twitter:site\" content=\"@MontravadPro\" \/>\n<meta name=\"twitter:label1\" content=\"Tempo de lectura\" \/>\n\t<meta name=\"twitter:data1\" content=\"1 minuto\" \/>\n<script type=\"application\/ld+json\" class=\"yoast-schema-graph\">{\"@context\":\"https:\\\/\\\/schema.org\",\"@graph\":[{\"@type\":\"WebPage\",\"@id\":\"https:\\\/\\\/montravad.com\\\/event\\\/abe-rabade-eivissa-jazz-experience-eivissa-jazz-festival-baluard-de-santa-llucia-ibiza-entradas\\\/\",\"url\":\"https:\\\/\\\/montravad.com\\\/event\\\/abe-rabade-eivissa-jazz-experience-eivissa-jazz-festival-baluard-de-santa-llucia-ibiza-entradas\\\/\",\"name\":\"Abe R\u00e1bade & Eivissa Jazz Experience. Eivissa Jazz Festival. Baluard de Santa Ll\u00facia. Ibiza.Entradas - Montravad\",\"isPartOf\":{\"@id\":\"https:\\\/\\\/montravad.com\\\/#website\"},\"primaryImageOfPage\":{\"@id\":\"https:\\\/\\\/montravad.com\\\/event\\\/abe-rabade-eivissa-jazz-experience-eivissa-jazz-festival-baluard-de-santa-llucia-ibiza-entradas\\\/#primaryimage\"},\"image\":{\"@id\":\"https:\\\/\\\/montravad.com\\\/event\\\/abe-rabade-eivissa-jazz-experience-eivissa-jazz-festival-baluard-de-santa-llucia-ibiza-entradas\\\/#primaryimage\"},\"thumbnailUrl\":\"https:\\\/\\\/montravad.com\\\/wp-content\\\/uploads\\\/2026\\\/08\\\/festival-eivissa-jazz-2026-ibiza-welcometoibiza.jpeg\",\"datePublished\":\"2026-08-25T10:17:29+00:00\",\"dateModified\":\"2026-08-25T10:18:50+00:00\",\"breadcrumb\":{\"@id\":\"https:\\\/\\\/montravad.com\\\/event\\\/abe-rabade-eivissa-jazz-experience-eivissa-jazz-festival-baluard-de-santa-llucia-ibiza-entradas\\\/#breadcrumb\"},\"inLanguage\":\"gl-ES\",\"potentialAction\":[{\"@type\":\"ReadAction\",\"target\":[\"https:\\\/\\\/montravad.com\\\/event\\\/abe-rabade-eivissa-jazz-experience-eivissa-jazz-festival-baluard-de-santa-llucia-ibiza-entradas\\\/\"]}]},{\"@type\":\"ImageObject\",\"inLanguage\":\"gl-ES\",\"@id\":\"https:\\\/\\\/montravad.com\\\/event\\\/abe-rabade-eivissa-jazz-experience-eivissa-jazz-festival-baluard-de-santa-llucia-ibiza-entradas\\\/#primaryimage\",\"url\":\"https:\\\/\\\/montravad.com\\\/wp-content\\\/uploads\\\/2026\\\/08\\\/festival-eivissa-jazz-2026-ibiza-welcometoibiza.jpeg\",\"contentUrl\":\"https:\\\/\\\/montravad.com\\\/wp-content\\\/uploads\\\/2026\\\/08\\\/festival-eivissa-jazz-2026-ibiza-welcometoibiza.jpeg\",\"width\":960,\"height\":1280},{\"@type\":\"BreadcrumbList\",\"@id\":\"https:\\\/\\\/montravad.com\\\/event\\\/abe-rabade-eivissa-jazz-experience-eivissa-jazz-festival-baluard-de-santa-llucia-ibiza-entradas\\\/#breadcrumb\",\"itemListElement\":[{\"@type\":\"ListItem\",\"position\":1,\"name\":\"Portada\",\"item\":\"https:\\\/\\\/montravad.com\\\/\"},{\"@type\":\"ListItem\",\"position\":2,\"name\":\"Eventos\",\"item\":\"https:\\\/\\\/montravad.com\\\/eventos\\\/\"},{\"@type\":\"ListItem\",\"position\":3,\"name\":\"Abe R\u00e1bade &#038; Eivissa Jazz Experience. Eivissa Jazz Festival. Baluard de Santa Ll\u00facia. Ibiza.Entradas\"}]},{\"@type\":\"WebSite\",\"@id\":\"https:\\\/\\\/montravad.com\\\/#website\",\"url\":\"https:\\\/\\\/montravad.com\\\/\",\"name\":\"Montravad\",\"description\":\"Descubre los proximos eventos, humor, teatro, conciertos y mas\",\"publisher\":{\"@id\":\"https:\\\/\\\/montravad.com\\\/#organization\"},\"potentialAction\":[{\"@type\":\"SearchAction\",\"target\":{\"@type\":\"EntryPoint\",\"urlTemplate\":\"https:\\\/\\\/montravad.com\\\/?s={search_term_string}\"},\"query-input\":{\"@type\":\"PropertyValueSpecification\",\"valueRequired\":true,\"valueName\":\"search_term_string\"}}],\"inLanguage\":\"gl-ES\"},{\"@type\":\"Organization\",\"@id\":\"https:\\\/\\\/montravad.com\\\/#organization\",\"name\":\"Montravad\",\"url\":\"https:\\\/\\\/montravad.com\\\/\",\"logo\":{\"@type\":\"ImageObject\",\"inLanguage\":\"gl-ES\",\"@id\":\"https:\\\/\\\/montravad.com\\\/#\\\/schema\\\/logo\\\/image\\\/\",\"url\":\"https:\\\/\\\/montravad.com\\\/wp-content\\\/uploads\\\/2026\\\/02\\\/logo2.jpg\",\"contentUrl\":\"https:\\\/\\\/montravad.com\\\/wp-content\\\/uploads\\\/2026\\\/02\\\/logo2.jpg\",\"width\":283,\"height\":241,\"caption\":\"Montravad\"},\"image\":{\"@id\":\"https:\\\/\\\/montravad.com\\\/#\\\/schema\\\/logo\\\/image\\\/\"},\"sameAs\":[\"https:\\\/\\\/www.facebook.com\\\/profile.php?id=61558298731443\",\"https:\\\/\\\/x.com\\\/MontravadPro\",\"https:\\\/\\\/www.instagram.com\\\/montravad.pro\\\/\"]}]}<\/script>\n<!-- \/ Yoast SEO plugin. -->","yoast_head_json":{"title":"Abe R\u00e1bade & Eivissa Jazz Experience. Eivissa Jazz Festival. Baluard de Santa Ll\u00facia. Ibiza.Entradas - Montravad","robots":{"index":"index","follow":"follow","max-snippet":"max-snippet:-1","max-image-preview":"max-image-preview:large","max-video-preview":"max-video-preview:-1"},"canonical":"https:\/\/montravad.com\/gl\/event\/abe-rabade-eivissa-jazz-experience-eivissa-jazz-festival-baluard-de-santa-llucia-ibiza-entradas\/","og_locale":"gl_ES","og_type":"article","og_title":"Abe R\u00e1bade & Eivissa Jazz Experience. Eivissa Jazz Festival. Baluard de Santa Ll\u00facia. Ibiza.Entradas - Montravad","og_description":"The Eivissa Jazz Experience es una formaci\u00f3n especial creada cada a\u00f1o por el pianista gallego Abe R\u00e1bade, que re\u00fane a m\u00fasicos que han participado previamente en el festival Eivissa Jazz....","og_url":"https:\/\/montravad.com\/gl\/event\/abe-rabade-eivissa-jazz-experience-eivissa-jazz-festival-baluard-de-santa-llucia-ibiza-entradas\/","og_site_name":"Montravad","article_publisher":"https:\/\/www.facebook.com\/profile.php?id=61558298731443","article_modified_time":"2026-08-25T10:18:50+00:00","og_image":[{"width":960,"height":1280,"url":"https:\/\/montravad.com\/wp-content\/uploads\/2026\/08\/festival-eivissa-jazz-2026-ibiza-welcometoibiza.jpeg","type":"image\/jpeg"}],"twitter_card":"summary_large_image","twitter_site":"@MontravadPro","twitter_misc":{"Tempo de lectura":"1 minuto"},"schema":{"@context":"https:\/\/schema.org","@graph":[{"@type":"WebPage","@id":"https:\/\/montravad.com\/event\/abe-rabade-eivissa-jazz-experience-eivissa-jazz-festival-baluard-de-santa-llucia-ibiza-entradas\/","url":"https:\/\/montravad.com\/event\/abe-rabade-eivissa-jazz-experience-eivissa-jazz-festival-baluard-de-santa-llucia-ibiza-entradas\/","name":"Abe R\u00e1bade & Eivissa Jazz Experience. Eivissa Jazz Festival. Baluard de Santa Ll\u00facia. Ibiza.Entradas - Montravad","isPartOf":{"@id":"https:\/\/montravad.com\/#website"},"primaryImageOfPage":{"@id":"https:\/\/montravad.com\/event\/abe-rabade-eivissa-jazz-experience-eivissa-jazz-festival-baluard-de-santa-llucia-ibiza-entradas\/#primaryimage"},"image":{"@id":"https:\/\/montravad.com\/event\/abe-rabade-eivissa-jazz-experience-eivissa-jazz-festival-baluard-de-santa-llucia-ibiza-entradas\/#primaryimage"},"thumbnailUrl":"https:\/\/montravad.com\/wp-content\/uploads\/2026\/08\/festival-eivissa-jazz-2026-ibiza-welcometoibiza.jpeg","datePublished":"2026-08-25T10:17:29+00:00","dateModified":"2026-08-25T10:18:50+00:00","breadcrumb":{"@id":"https:\/\/montravad.com\/event\/abe-rabade-eivissa-jazz-experience-eivissa-jazz-festival-baluard-de-santa-llucia-ibiza-entradas\/#breadcrumb"},"inLanguage":"gl-ES","potentialAction":[{"@type":"ReadAction","target":["https:\/\/montravad.com\/event\/abe-rabade-eivissa-jazz-experience-eivissa-jazz-festival-baluard-de-santa-llucia-ibiza-entradas\/"]}]},{"@type":"ImageObject","inLanguage":"gl-ES","@id":"https:\/\/montravad.com\/event\/abe-rabade-eivissa-jazz-experience-eivissa-jazz-festival-baluard-de-santa-llucia-ibiza-entradas\/#primaryimage","url":"https:\/\/montravad.com\/wp-content\/uploads\/2026\/08\/festival-eivissa-jazz-2026-ibiza-welcometoibiza.jpeg","contentUrl":"https:\/\/montravad.com\/wp-content\/uploads\/2026\/08\/festival-eivissa-jazz-2026-ibiza-welcometoibiza.jpeg","width":960,"height":1280},{"@type":"BreadcrumbList","@id":"https:\/\/montravad.com\/event\/abe-rabade-eivissa-jazz-experience-eivissa-jazz-festival-baluard-de-santa-llucia-ibiza-entradas\/#breadcrumb","itemListElement":[{"@type":"ListItem","position":1,"name":"Portada","item":"https:\/\/montravad.com\/"},{"@type":"ListItem","position":2,"name":"Eventos","item":"https:\/\/montravad.com\/eventos\/"},{"@type":"ListItem","position":3,"name":"Abe R\u00e1bade &#038; Eivissa Jazz Experience. Eivissa Jazz Festival. Baluard de Santa Ll\u00facia. Ibiza.Entradas"}]},{"@type":"WebSite","@id":"https:\/\/montravad.com\/#website","url":"https:\/\/montravad.com\/","name":"Montravad","description":"Descubre los proximos eventos, humor, teatro, conciertos y mas","publisher":{"@id":"https:\/\/montravad.com\/#organization"},"potentialAction":[{"@type":"SearchAction","target":{"@type":"EntryPoint","urlTemplate":"https:\/\/montravad.com\/?s={search_term_string}"},"query-input":{"@type":"PropertyValueSpecification","valueRequired":true,"valueName":"search_term_string"}}],"inLanguage":"gl-ES"},{"@type":"Organization","@id":"https:\/\/montravad.com\/#organization","name":"Montravad","url":"https:\/\/montravad.com\/","logo":{"@type":"ImageObject","inLanguage":"gl-ES","@id":"https:\/\/montravad.com\/#\/schema\/logo\/image\/","url":"https:\/\/montravad.com\/wp-content\/uploads\/2026\/02\/logo2.jpg","contentUrl":"https:\/\/montravad.com\/wp-content\/uploads\/2026\/02\/logo2.jpg","width":283,"height":241,"caption":"Montravad"},"image":{"@id":"https:\/\/montravad.com\/#\/schema\/logo\/image\/"},"sameAs":["https:\/\/www.facebook.com\/profile.php?id=61558298731443","https:\/\/x.com\/MontravadPro","https:\/\/www.instagram.com\/montravad.pro\/"]}]}},"_links":{"self":[{"href":"https:\/\/montravad.com\/gl\/wp-json\/wp\/v2\/tribe_events\/299","targetHints":{"allow":["GET"]}}],"collection":[{"href":"https:\/\/montravad.com\/gl\/wp-json\/wp\/v2\/tribe_events"}],"about":[{"href":"https:\/\/montravad.com\/gl\/wp-json\/wp\/v2\/types\/tribe_events"}],"author":[{"embeddable":true,"href":"https:\/\/montravad.com\/gl\/wp-json\/wp\/v2\/users\/2"}],"version-history":[{"count":3,"href":"https:\/\/montravad.com\/gl\/wp-json\/wp\/v2\/tribe_events\/299\/revisions"}],"predecessor-version":[{"id":303,"href":"https:\/\/montravad.com\/gl\/wp-json\/wp\/v2\/tribe_events\/299\/revisions\/303"}],"wp:featuredmedia":[{"embeddable":true,"href":"https:\/\/montravad.com\/gl\/wp-json\/wp\/v2\/media\/300"}],"wp:attachment":[{"href":"https:\/\/montravad.com\/gl\/wp-json\/wp\/v2\/media?parent=299"}],"wp:term":[{"taxonomy":"post_tag","embeddable":true,"href":"https:\/\/montravad.com\/gl\/wp-json\/wp\/v2\/tags?post=299"},{"taxonomy":"tribe_events_cat","embeddable":true,"href":"https:\/\/montravad.com\/gl\/wp-json\/wp\/v2\/tribe_events_cat?post=299"}],"curies":[{"name":"wp","href":"https:\/\/api.w.org\/{rel}","templated":true}]}}